{"id":2385,"date":"2020-04-21T14:19:16","date_gmt":"2020-04-21T13:19:16","guid":{"rendered":"http:\/\/oxfordbrazilebm.com\/?page_id=2385"},"modified":"2020-05-05T02:32:37","modified_gmt":"2020-05-05T01:32:37","slug":"monitorando-a-mortalidade-ao-longo-do-tempo","status":"publish","type":"page","link":"https:\/\/oxfordbrazilebm.com\/index.php\/monitorando-a-mortalidade-ao-longo-do-tempo\/","title":{"rendered":"Monitorando a mortalidade ao longo do tempo"},"content":{"rendered":"<div class=\"wpb-content-wrapper\"><p>[vc_row][vc_column][vc_column_text]Tradutor: Ana Paula Pires dos Santos, Luis Eduardo Fontes<\/p>\n<hr \/>\n<p>&nbsp;<\/p>\n<p style=\"text-align: justify;\"><strong>Entender a mortalidade requer entender a varia\u00e7\u00e3o ao longo do tempo, entender como o n\u00famero de mortes difere do valor m\u00e9dio do que voc\u00ea esperaria, e n\u00e3o tirar conclus\u00f5es precipitadas<\/strong><\/p>\n<p style=\"text-align: justify;\">Jason Oke, Carl Heneghan.<br \/>\n3 de abril de 2020<br \/>\nEm nome do time Oxford COVID-19 Evidence<br \/>\nCentro de Medicina Baseada em Evid\u00eancia, Nuffield Department of Primary Care Health Sciences<br \/>\nUniversidade de Oxford<br \/>\nCorrespond\u00eancia para: cebm@phc.ox.ac.uk<\/p>\n<p style=\"text-align: justify;\">A estimativa dos dados de mortalidade \u00e9 repleta de problemas. Atualmente, h\u00e1 uma diferen\u00e7a de 30 vezes entre a maior e a menor <a href=\"https:\/\/www.cebm.net\/covid-19\/global-covid-19-case-fatality-rates\/\">taxa de mortalidade entre os pa\u00edses<\/a>.<\/p>\n<p>&nbsp;<\/p>\n<p style=\"text-align: justify;\">Como podemos saber se a COVID-19 \u00e9 a principal causa dessas mortes?\u00a0 Ou se essas mortes teriam ocorrido na aus\u00eancia da COVID-19, particularmente em idosos e pessoas com problemas cr\u00f4nicos de sa\u00fade? (veja o <a href=\"https:\/\/medium.com\/wintoncentre\/how-much-normal-risk-does-covid-represent-4539118e1196\">artigo<\/a>\u00a0de David Spiegelhalter para uma explica\u00e7\u00e3o).<\/p>\n<p style=\"text-align: justify;\">Uma maneira \u00e9 examinar as taxas de mortalidade e determinar se h\u00e1 mais pessoas morrendo do que se esperaria.<\/p>\n<p style=\"text-align: justify;\">O que queremos saber \u00e9 se as mortes relatadas pela COVID representam um &#8220;excesso&#8221; em rela\u00e7\u00e3o \u00e0 norma.<\/p>\n<p style=\"text-align: justify;\">Para responder a essa quest\u00e3o, obtivemos contagens provis\u00f3rias do n\u00famero de mortes registradas na Inglaterra e no Pa\u00eds de Gales, por idade, sexo e regi\u00e3o, desde 2016 at\u00e9 as \u00faltimas semanas para as quais h\u00e1 dados dispon\u00edveis. A Figura mostra o n\u00famero semanal de mortes registradas para todas as idades.<\/p>\n<p><img loading=\"lazy\" decoding=\"async\" class=\"alignnone size-full wp-image-2387\" src=\"http:\/\/oxfordbrazilebm.com\/wp-content\/uploads\/2020\/04\/img9_20.jpg\" alt=\"\" width=\"500\" height=\"327\" srcset=\"https:\/\/oxfordbrazilebm.com\/wp-content\/uploads\/2020\/04\/img9_20.jpg 500w, https:\/\/oxfordbrazilebm.com\/wp-content\/uploads\/2020\/04\/img9_20-300x196.jpg 300w\" sizes=\"auto, (max-width: 500px) 100vw, 500px\" \/><\/p>\n<p style=\"text-align: justify;\">Na semana que terminou em 3 de abril de 2020 ocorreram 16.387 mortes: a m\u00e9dia de mortes nos \u00faltimos cinco anos \u00e9 representada pela linha vermelha.<\/p>\n<p style=\"text-align: justify;\">Depois tra\u00e7amos o total semanal de mortes menos a m\u00e9dia esperada de mortes nos cinco anos anteriores.<\/p>\n<p style=\"text-align: justify;\"><strong>\u00a0<\/strong><\/p>\n<p style=\"text-align: justify;\"><strong>Figura 2 Diferen\u00e7a entre o total de mortes e as mortes esperadas ao longo de uma m\u00e9dia de 5 anos.<\/strong><\/p>\n<p style=\"text-align: justify;\"><img loading=\"lazy\" decoding=\"async\" class=\"alignnone size-full wp-image-2388\" src=\"http:\/\/oxfordbrazilebm.com\/wp-content\/uploads\/2020\/04\/img9_21.jpg\" alt=\"\" width=\"500\" height=\"352\" srcset=\"https:\/\/oxfordbrazilebm.com\/wp-content\/uploads\/2020\/04\/img9_21.jpg 500w, https:\/\/oxfordbrazilebm.com\/wp-content\/uploads\/2020\/04\/img9_21-300x211.jpg 300w\" sizes=\"auto, (max-width: 500px) 100vw, 500px\" \/><\/p>\n<p style=\"text-align: justify;\">O total de mortes na semana 14 foi de 16.387 em compara\u00e7\u00e3o com a m\u00e9dia de 5 anos de 10.305.\u00a0 Isto representa um excesso de 6.082 mortes e 59% a mais do que o esperado, RR 1,59 (IC 95% 1,55 a 1,63; p&lt;0,0001).<\/p>\n<p style=\"text-align: justify;\">O n\u00famero de mortes excedeu 3 DPs (desvios-padr\u00e3o) em cinco ocasi\u00f5es distintas nos \u00faltimos tr\u00eas anos. <a href=\"https:\/\/www.ons.gov.uk\/peoplepopulationandcommunity\/birthsdeathsandmarriages\/deaths\/bulletins\/excesswintermortalityinenglandandwales\/2017to2018provisionaland2016to2017final\">No per\u00edodo entre o inverno de 2017 e o de 2018<\/a>, houve 50.100 mortes em excesso na Inglaterra e no Pa\u00eds de Gales (as doen\u00e7as respirat\u00f3rias causaram mais de um ter\u00e7o (35%) de todas as mortes em excesso). O maior n\u00famero de mortes j\u00e1 registrado (do qual temos conhecimento) por semana <a href=\"https:\/\/www.ons.gov.uk\/peoplepopulationandcommunity\/birthsdeathsandmarriages\/deaths\/bulletins\/excesswintermortalityinenglandandwales\/2016to2017provisionaland2015to2016final\">ocorreu na semana 52 de 1999<\/a>, quando foram registradas 18.500 mortes.<\/p>\n<p style=\"text-align: justify;\"><strong>O excesso no n\u00famero de mortes foi devido \u00e0 COVID?<\/strong><\/p>\n<p style=\"text-align: justify;\"><strong>\u00a0<\/strong><\/p>\n<p style=\"text-align: justify;\">Das 6.082 mortes em excesso, 3.475 (57%) mencionaram COVID no atestado de \u00f3bito (43% das mortes em excesso n\u00e3o mencionaram COVID).<\/p>\n<p><img loading=\"lazy\" decoding=\"async\" class=\"alignnone size-full wp-image-2389\" src=\"http:\/\/oxfordbrazilebm.com\/wp-content\/uploads\/2020\/04\/img9_22.jpg\" alt=\"\" width=\"500\" height=\"386\" srcset=\"https:\/\/oxfordbrazilebm.com\/wp-content\/uploads\/2020\/04\/img9_22.jpg 500w, https:\/\/oxfordbrazilebm.com\/wp-content\/uploads\/2020\/04\/img9_22-300x232.jpg 300w\" sizes=\"auto, (max-width: 500px) 100vw, 500px\" \/><\/p>\n<p style=\"text-align: justify;\">H\u00e1 tr\u00eas explica\u00e7\u00f5es poss\u00edveis para o por qu\u00ea da COVID n\u00e3o ser mencionada no atestado de \u00f3bito<\/p>\n<ol style=\"text-align: justify;\">\n<li>Subnotifica\u00e7\u00e3o da COVID em certid\u00f5es de \u00f3bito<\/li>\n<li>As mortes de outras causas est\u00e3o aumentando<\/li>\n<li>As mortes s\u00e3o relatadas de forma mais eficiente e reveladas a partir das semanas seguintes<\/li>\n<\/ol>\n<p style=\"text-align: justify;\">Para melhor explorar os dados, n\u00f3s comparamos o excesso de mortes com aquele da semana anterior: houve 11.141 mortes, um excesso de 5.246 mortes na semana 14 em compara\u00e7\u00e3o com a semana 13.<\/p>\n<p style=\"text-align: justify;\">A figura mostra que, em cerca de um ter\u00e7o dessas mortes em excesso, a COVID n\u00e3o \u00e9 mencionada no atestado de \u00f3bito (dados no final do artigo).<\/p>\n<p style=\"text-align: justify;\"><img loading=\"lazy\" decoding=\"async\" class=\"alignnone size-full wp-image-2390\" src=\"http:\/\/oxfordbrazilebm.com\/wp-content\/uploads\/2020\/04\/img9_23.jpg\" alt=\"\" width=\"500\" height=\"278\" srcset=\"https:\/\/oxfordbrazilebm.com\/wp-content\/uploads\/2020\/04\/img9_23.jpg 500w, https:\/\/oxfordbrazilebm.com\/wp-content\/uploads\/2020\/04\/img9_23-300x167.jpg 300w\" sizes=\"auto, (max-width: 500px) 100vw, 500px\" \/><\/p>\n<p style=\"text-align: justify;\">Naqueles com mais de 85 anos. A COVID n\u00e3o \u00e9 mencionada em 41% das mortes registradas, sugerindo algum elemento de subnotifica\u00e7\u00e3o. A falta da COVID no atestado de \u00f3bito \u00e9 not\u00e1vel a partir dos 45 anos de idade, sugerindo que as mortes por outras causas est\u00e3o aumentando e\/ou alguma notifica\u00e7\u00e3o est\u00e1 come\u00e7ando a aparecer.<\/p>\n<p style=\"text-align: justify;\">O relat\u00f3rio do ONS (\u201cOffice for National Statistics\u201d \u2013 Gabinete de Estat\u00edsticas Nacionais) n\u00e3o nos diz se a COVID foi mencionada como a doen\u00e7a ou condi\u00e7\u00e3o que levou diretamente \u00e0 morte.<\/p>\n<ul style=\"text-align: justify;\">\n<li>A causa imediata da morte &#8211; (primeira linha do atestado de \u00f3bito na Parte I)<\/li>\n<li>As causas subjacentes da morte &#8211; consideram a cadeia de eventos que levam \u00e0 morte (linhas mais inferiores na Parte I)<\/li>\n<\/ul>\n<p style=\"text-align: justify;\">Todas as mortes por doen\u00e7as respirat\u00f3rias (CID-10 J00-J99) incluem mortes por pneumonia viral (codificada como J12).\u00a0 As mortes por doen\u00e7as respirat\u00f3rias subiram para 2.106 na semana 14, um aumento de 572 (27%) mortes em uma semana.<\/p>\n<p style=\"text-align: justify;\">As mortes na semana 14 aumentaram significativamente e est\u00e3o de acordo com a divulga\u00e7\u00e3o di\u00e1ria de dados do governo do Reino Unido. As mortes respirat\u00f3rias s\u00e3o em menor n\u00famero do que as das primeiras semanas do ano e as mortes por COVID-19 s\u00e3o em menor n\u00famero do que os modelos pand\u00eamicos estavam predizendo.<\/p>\n<p style=\"text-align: justify;\"><strong>Dados comparando o excesso de mortes por idade na semana 14 com a semana anterior.<\/strong><\/p>\n<p style=\"text-align: justify;\"><strong>\u00a0<\/strong><\/p>\n<p style=\"text-align: justify;\"><strong>\u00a0<\/strong><\/p>\n<table>\n<tbody>\n<tr>\n<td width=\"154\">Idade<\/td>\n<td width=\"154\">Excesso de mortes por idade na semana passada (n)<\/td>\n<td width=\"154\">Men\u00e7\u00e3o da COVID no atestado de \u00f3bito (n)<\/td>\n<td width=\"154\">Diferen\u00e7a percentual<\/td>\n<\/tr>\n<tr>\n<td width=\"154\">Menor de 1 ano<\/td>\n<td width=\"154\">2<\/td>\n<td width=\"154\">0<\/td>\n<td width=\"154\">0,0%<\/td>\n<\/tr>\n<tr>\n<td width=\"154\">01-14<\/td>\n<td width=\"154\">8<\/td>\n<td width=\"154\">0<\/td>\n<td width=\"154\">0,0%<\/td>\n<\/tr>\n<tr>\n<td width=\"154\">15-44<\/td>\n<td width=\"154\">6<\/td>\n<td width=\"154\">43<\/td>\n<td width=\"154\">716,7%<\/td>\n<\/tr>\n<tr>\n<td width=\"154\">45-64<\/td>\n<td width=\"154\">559<\/td>\n<td width=\"154\">412<\/td>\n<td width=\"154\">73,7%<\/td>\n<\/tr>\n<tr>\n<td width=\"154\">65-74<\/td>\n<td width=\"154\">929<\/td>\n<td width=\"154\">626<\/td>\n<td width=\"154\">67,4%<\/td>\n<\/tr>\n<tr>\n<td width=\"154\">75-84<\/td>\n<td width=\"154\">1.758<\/td>\n<td width=\"154\">1.231<\/td>\n<td width=\"154\">70,0%<\/td>\n<\/tr>\n<tr>\n<td width=\"154\">85+<\/td>\n<td width=\"154\">1.984<\/td>\n<td width=\"154\">1.163<\/td>\n<td width=\"154\">58,6%<\/td>\n<\/tr>\n<tr>\n<td width=\"154\">Total<\/td>\n<td width=\"154\">5.246<\/td>\n<td width=\"154\">3.475<\/td>\n<td width=\"154\">66,2%<\/td>\n<\/tr>\n<\/tbody>\n<\/table>\n<p style=\"text-align: justify;\"><strong>veja tamb\u00e9m<\/strong>\u00a0 <a href=\"https:\/\/www.cebm.net\/covid-19\/england-and-wales-mortality-during-the-covid-19-outbreak\/\">Avalia\u00e7\u00e3o da mortalidade no surto da COVID-19<\/a><\/p>\n<p style=\"text-align: justify;\"><strong>\u00a0<\/strong><\/p>\n<p style=\"text-align: justify;\"><strong>AUTORES<\/strong><\/p>\n<p style=\"text-align: justify;\">Jason Oke \u00e9 um estat\u00edstico senior no Nuffield Department of Primary Care Health Sciences. (<a href=\"https:\/\/www.phc.ox.ac.uk\/team\/jason-oke\">Biografia aqui<\/a>)<\/p>\n<p style=\"text-align: justify;\"><a href=\"https:\/\/www.phc.ox.ac.uk\/team\/carl-heneghan\">Carl Heneghan<\/a> \u00e9 professor de Medicina Baseada em Evid\u00eancia, Diretor do <a href=\"http:\/\/www.cebm.net\/\">Centro de Medicina Baseada em Evid\u00eancia<\/a>. (Biografia completa e declara\u00e7\u00e3o de transpar\u00eancia <a href=\"https:\/\/www.phc.ox.ac.uk\/team\/carl-heneghan\">aqui<\/a>)<\/p>\n<p style=\"text-align: justify;\">Aviso: o artigo n\u00e3o foi revisado por pares; ele n\u00e3o deve substituir o julgamento cl\u00ednico individual e as fontes citadas devem ser verificadas. As opini\u00f5es expressas neste coment\u00e1rio representam as opini\u00f5es dos autores e n\u00e3o necessariamente as da institui\u00e7\u00e3o anfitri\u00e3, do NHS, do NIHR, ou do Departamento de Sa\u00fade e Assist\u00eancia Social. Os pontos de vista n\u00e3o s\u00e3o um substituto para o aconselhamento m\u00e9dico profissional.<\/p>\n<p>[\/vc_column_text][\/vc_column][\/vc_row]<\/p>\n<\/div>","protected":false},"excerpt":{"rendered":"<p>[vc_row][vc_column][vc_column_text]Tradutor: Ana Paula Pires dos Santos, Luis Eduardo Fontes &nbsp; Entender a mortalidade requer entender a varia\u00e7\u00e3o ao longo do tempo, entender como o n\u00famero de mortes difere do valor m\u00e9dio do que voc\u00ea esperaria, e n\u00e3o tirar conclus\u00f5es precipitadas Jason Oke, Carl Heneghan. 3 de abril de 2020 Em nome do time Oxford COVID-19&hellip;<\/p>\n","protected":false},"author":1,"featured_media":0,"parent":0,"menu_order":0,"comment_status":"closed","ping_status":"closed","template":"","meta":{"footnotes":""},"class_list":["post-2385","page","type-page","status-publish","hentry","description-off"],"_links":{"self":[{"href":"https:\/\/oxfordbrazilebm.com\/index.php\/wp-json\/wp\/v2\/pages\/2385","targetHints":{"allow":["GET"]}}],"collection":[{"href":"https:\/\/oxfordbrazilebm.com\/index.php\/wp-json\/wp\/v2\/pages"}],"about":[{"href":"https:\/\/oxfordbrazilebm.com\/index.php\/wp-json\/wp\/v2\/types\/page"}],"author":[{"embeddable":true,"href":"https:\/\/oxfordbrazilebm.com\/index.php\/wp-json\/wp\/v2\/users\/1"}],"replies":[{"embeddable":true,"href":"https:\/\/oxfordbrazilebm.com\/index.php\/wp-json\/wp\/v2\/comments?post=2385"}],"version-history":[{"count":2,"href":"https:\/\/oxfordbrazilebm.com\/index.php\/wp-json\/wp\/v2\/pages\/2385\/revisions"}],"predecessor-version":[{"id":2575,"href":"https:\/\/oxfordbrazilebm.com\/index.php\/wp-json\/wp\/v2\/pages\/2385\/revisions\/2575"}],"wp:attachment":[{"href":"https:\/\/oxfordbrazilebm.com\/index.php\/wp-json\/wp\/v2\/media?parent=2385"}],"curies":[{"name":"wp","href":"https:\/\/api.w.org\/{rel}","templated":true}]}}